{"id":442,"date":"2015-02-17T18:38:53","date_gmt":"2015-02-17T18:38:53","guid":{"rendered":"http:\/\/conviversabersocial.com.br\/novosite\/?page_id=442"},"modified":"2015-06-07T03:46:37","modified_gmt":"2015-06-07T03:46:37","slug":"pcdi","status":"publish","type":"page","link":"http:\/\/conviversabersocial.com.br\/index.php\/pcdi\/","title":{"rendered":"Conhe\u00e7a o PCDI"},"content":{"rendered":"<p>PCDI \u00e9 a sigla para<strong> Programa Compartilhado de Desenvolvimento Institucional<\/strong>. Lan\u00e7ado em abril de 2014, o PCDI \u00e9 uma iniciativa da <a href=\"http:\/\/www.conviversabersocial.com.br\/\" target=\"_blank\"><strong>Conviver Saber Social<\/strong><\/a>, que conta com o apoio do <a href=\"http:\/\/www.institutocea.org.br\/noticias\/Detalhe-noticia.aspx?id=2493\" target=\"_blank\"><strong>Instituto C&amp;A<\/strong><\/a> para fornecer <strong>capacidade de gest\u00e3o e sustentabilidade institucional<\/strong> para <a href=\"http:\/\/conviversabersocial.com.br\/index.php\/lista-de-organizacoes-pcdi\/\" target=\"_blank\">18 organiza\u00e7\u00f5es<\/a> de atendimento \u00e0 inf\u00e2ncia e \u00e0 adolesc\u00eancia de Lagoa Santa, Confins, S\u00e3o Jos\u00e9 da Lapa e Vespasiano.<\/p>\n<p><img loading=\"lazy\" class=\"aligncenter wp-image-443 size-full\" src=\"http:\/\/conviversabersocial.com.br\/wp-content\/uploads\/2015\/02\/PCDI-Logo.png\" alt=\"PCDI Logo\" width=\"286\" height=\"288\" srcset=\"http:\/\/conviversabersocial.com.br\/wp-content\/uploads\/2015\/02\/PCDI-Logo.png 286w, http:\/\/conviversabersocial.com.br\/wp-content\/uploads\/2015\/02\/PCDI-Logo-150x150.png 150w\" sizes=\"(max-width: 286px) 100vw, 286px\" \/><\/p>\n<p>Em 2015, o programa continua atendendo as <a title=\"Programa Compartilhado de Desenvolvimento Institucional\" href=\"http:\/\/conviversabersocial.com.br\/novosite\/index.php\/lista-de-organizacoes-pcdi\/\" target=\"_blank\">18 organiza\u00e7\u00f5es<\/a> da\u00a0<strong>Linha Verde, no Vetor Norte da Regi\u00e3o Metropolitana de Belo Horizonte<\/strong>. Todas as organiza\u00e7\u00f5es sociais participantes s\u00e3o sem fins lucrativos e desenvolvem<strong> a\u00e7\u00f5es diretas de atendimento \u00e0 crian\u00e7as e adolescentes em situa\u00e7\u00e3o de risco e vulnerabilidade social<\/strong>.<\/p>\n<p>Durante o PCDI, os gestores das organiza\u00e7\u00f5es sociais participantes trabalharam quest\u00f5es referentes \u00e0 <strong>identidade<\/strong> (miss\u00e3o, vis\u00e3o e objetivo da organiza\u00e7\u00e3o social); ao <strong>marco legal dos direitos da crian\u00e7a e do adolescente<\/strong> (legisla\u00e7\u00e3o espec\u00edfica e \u00f3rg\u00e3os de fiscaliza\u00e7\u00e3o), \u00e0<strong> situa\u00e7\u00e3o legal da organiza\u00e7\u00e3o social <\/strong>(estatuto, registro para funcionamento, etc.) e \u00e0 <strong>elabora\u00e7\u00e3o de projetos<\/strong> (forma\u00e7\u00e3o de projetos, capta\u00e7\u00e3o de recursos e presta\u00e7\u00e3o de contas).<\/p>\n<p>O desenvolvimento alcan\u00e7ado neste tempo de trabalho permitiu a cria\u00e7\u00e3o do<strong> <a href=\"http:\/\/eepurl.com\/8GQ31\" target=\"_blank\">PCDI NEWS<\/a><\/strong>, um boletim eletr\u00f4nico, que traz para voc\u00ea os resultados, hist\u00f3rias e projetos realizados pelas organiza\u00e7\u00f5es sociais do PCDI.<\/p>\n<h2><strong>Aproveite e assine:\u00a0<\/strong><a href=\"http:\/\/eepurl.com\/8GQ31\" target=\"_blank\">http:\/\/eepurl.com\/8GQ31<\/a><\/h2>\n<p style=\"text-align: center;\"><img loading=\"lazy\" class=\" wp-image-445 size-full aligncenter\" src=\"http:\/\/conviversabersocial.com.br\/wp-content\/uploads\/2015\/02\/vejaedicoesanteriores.png\" alt=\"\" width=\"600\" height=\"80\" srcset=\"http:\/\/conviversabersocial.com.br\/wp-content\/uploads\/2015\/02\/vejaedicoesanteriores.png 600w, http:\/\/conviversabersocial.com.br\/wp-content\/uploads\/2015\/02\/vejaedicoesanteriores-300x40.png 300w\" sizes=\"(max-width: 600px) 100vw, 600px\" \/><\/p>\n<p><script src=\"http:\/\/us9.campaign-archive1.com\/generate-js\/?u=6ff83ab7c7e2365a298c9269b&amp;fid=11309&amp;show=10\" type=\"text\/javascript\" language=\"javascript\"><\/script><\/p>\n","protected":false},"excerpt":{"rendered":"<p>PCDI \u00e9 a sigla para Programa Compartilhado de Desenvolvimento Institucional. Lan\u00e7ado em abril de 2014, o PCDI \u00e9 uma iniciativa da Conviver Saber Social, que conta com o apoio do Instituto C&amp;A para fornecer capacidade de gest\u00e3o e sustentabilidade institucional para 18 organiza\u00e7\u00f5es de atendimento \u00e0 inf\u00e2ncia e \u00e0 adolesc\u00eancia de Lagoa Santa, Confins, S\u00e3o [&hellip;]<\/p>\n","protected":false},"author":1,"featured_media":0,"parent":0,"menu_order":0,"comment_status":"open","ping_status":"open","template":"","meta":[],"_links":{"self":[{"href":"http:\/\/conviversabersocial.com.br\/index.php\/wp-json\/wp\/v2\/pages\/442"}],"collection":[{"href":"http:\/\/conviversabersocial.com.br\/index.php\/wp-json\/wp\/v2\/pages"}],"about":[{"href":"http:\/\/conviversabersocial.com.br\/index.php\/wp-json\/wp\/v2\/types\/page"}],"author":[{"embeddable":true,"href":"http:\/\/conviversabersocial.com.br\/index.php\/wp-json\/wp\/v2\/users\/1"}],"replies":[{"embeddable":true,"href":"http:\/\/conviversabersocial.com.br\/index.php\/wp-json\/wp\/v2\/comments?post=442"}],"version-history":[{"count":9,"href":"http:\/\/conviversabersocial.com.br\/index.php\/wp-json\/wp\/v2\/pages\/442\/revisions"}],"predecessor-version":[{"id":864,"href":"http:\/\/conviversabersocial.com.br\/index.php\/wp-json\/wp\/v2\/pages\/442\/revisions\/864"}],"wp:attachment":[{"href":"http:\/\/conviversabersocial.com.br\/index.php\/wp-json\/wp\/v2\/media?parent=442"}],"curies":[{"name":"wp","href":"https:\/\/api.w.org\/{rel}","templated":true}]}}